{"id":780610,"date":"2025-11-21T10:11:42","date_gmt":"2025-11-21T09:11:42","guid":{"rendered":"https:\/\/culinario.fr\/?page_id=780610"},"modified":"2026-02-10T21:50:05","modified_gmt":"2026-02-10T20:50:05","slug":"cap-production-service-restauration","status":"publish","type":"page","link":"https:\/\/culinario.fr\/fr_fr\/cap-production-service-restauration\/","title":{"rendered":"CAP Production Service Restauration"},"content":{"rendered":"\t\t<div data-elementor-type=\"wp-page\" data-elementor-id=\"780610\" class=\"elementor elementor-780610\" data-elementor-post-type=\"page\">\n\t\t\t\t\t\t<section class=\"elementor-section elementor-top-section elementor-element elementor-element-af274df elementor-section-boxed elementor-section-height-default elementor-section-height-default\" data-id=\"af274df\" data-element_type=\"section\" data-e-type=\"section\">\n\t\t\t\t\t\t\t<div class=\"elementor-background-overlay\"><\/div>\n\t\t\t\t\t\t\t<div class=\"elementor-container elementor-column-gap-default\">\n\t\t\t\t\t<div class=\"elementor-column elementor-col-100 elementor-top-column elementor-element elementor-element-a3e1825\" data-id=\"a3e1825\" data-element_type=\"column\" data-e-type=\"column\">\n\t\t\t<div class=\"elementor-widget-wrap\">\n\t\t\t\t\t\t\t<\/div>\n\t\t<\/div>\n\t\t\t\t\t<\/div>\n\t\t<\/section>\n\t\t\t\t<section class=\"elementor-section elementor-top-section elementor-element elementor-element-7b561cf elementor-section-boxed elementor-section-height-default elementor-section-height-default\" data-id=\"7b561cf\" data-element_type=\"section\" data-e-type=\"section\">\n\t\t\t\t\t\t<div class=\"elementor-container elementor-column-gap-default\">\n\t\t\t\t\t<div class=\"elementor-column elementor-col-100 elementor-top-column elementor-element elementor-element-6b176b63\" data-id=\"6b176b63\" data-element_type=\"column\" data-e-type=\"column\">\n\t\t\t<div class=\"elementor-widget-wrap elementor-element-populated\">\n\t\t\t\t\t\t\t<\/div>\n\t\t<\/div>\n\t\t\t\t\t<\/div>\n\t\t<\/section>\n\t\t\t\t<section class=\"elementor-section elementor-top-section elementor-element elementor-element-34024867 elementor-section-boxed elementor-section-height-default elementor-section-height-default\" data-id=\"34024867\" data-element_type=\"section\" data-e-type=\"section\">\n\t\t\t\t\t\t<div class=\"elementor-container elementor-column-gap-narrow\">\n\t\t\t\t\t<div class=\"elementor-column elementor-col-50 elementor-top-column elementor-element elementor-element-4b3fc3c0\" data-id=\"4b3fc3c0\" data-element_type=\"column\" data-e-type=\"column\">\n\t\t\t<div class=\"elementor-widget-wrap elementor-element-populated\">\n\t\t\t\t\t\t<div class=\"elementor-element elementor-element-d323b39 elementor-widget elementor-widget-text-editor\" data-id=\"d323b39\" data-element_type=\"widget\" data-e-type=\"widget\" data-widget_type=\"text-editor.default\">\n\t\t\t\t<div class=\"elementor-widget-container\">\n\t\t\t\t\t\t\t\t\t<p>Le titulaire du CAP PSR (Production et Service en Restaurations) est form\u00e9 aux activit\u00e9s de cuisine et de service. Cette formation pr\u00e9pare aux m\u00e9tiers de la restauration rapide, collective et de caf\u00e9t\u00e9ria. Elle permet d\u2019exercer en cuisines collectives (cantines scolaires, h\u00f4pitaux, maisons de retraite), en food-truck, ou de cr\u00e9er son propre concept de restauration mobile.<\/p>\t\t\t\t\t\t\t\t<\/div>\n\t\t\t\t<\/div>\n\t\t\t\t\t<\/div>\n\t\t<\/div>\n\t\t\t\t<div class=\"elementor-column elementor-col-50 elementor-top-column elementor-element elementor-element-5112adc8\" data-id=\"5112adc8\" data-element_type=\"column\" data-e-type=\"column\">\n\t\t\t<div class=\"elementor-widget-wrap elementor-element-populated\">\n\t\t\t\t\t\t<div class=\"elementor-element elementor-element-7d2a710b elementor-widget elementor-widget-image\" data-id=\"7d2a710b\" data-element_type=\"widget\" data-e-type=\"widget\" data-widget_type=\"image.default\">\n\t\t\t\t<div class=\"elementor-widget-container\">\n\t\t\t\t\t\t\t\t\t\t\t\t\t\t\t<img fetchpriority=\"high\" decoding=\"async\" width=\"525\" height=\"350\" src=\"https:\/\/culinario.fr\/wp-content\/uploads\/2025\/11\/AdobeStock_275872885-1024x683.jpeg\" class=\"attachment-large size-large wp-image-780612\" alt=\"\" srcset=\"https:\/\/culinario.fr\/wp-content\/uploads\/2025\/11\/AdobeStock_275872885-1024x683.jpeg 1024w, https:\/\/culinario.fr\/wp-content\/uploads\/2025\/11\/AdobeStock_275872885-300x200.jpeg 300w, https:\/\/culinario.fr\/wp-content\/uploads\/2025\/11\/AdobeStock_275872885-768x512.jpeg 768w, https:\/\/culinario.fr\/wp-content\/uploads\/2025\/11\/AdobeStock_275872885-1536x1024.jpeg 1536w, https:\/\/culinario.fr\/wp-content\/uploads\/2025\/11\/AdobeStock_275872885-2048x1365.jpeg 2048w, https:\/\/culinario.fr\/wp-content\/uploads\/2025\/11\/AdobeStock_275872885-18x12.jpeg 18w\" sizes=\"(max-width: 525px) 100vw, 525px\" \/>\t\t\t\t\t\t\t\t\t\t\t\t\t\t\t<\/div>\n\t\t\t\t<\/div>\n\t\t\t\t<div class=\"elementor-element elementor-element-5621cb15 elementor-align-center elementor-widget elementor-widget-button\" data-id=\"5621cb15\" data-element_type=\"widget\" data-e-type=\"widget\" data-widget_type=\"button.default\">\n\t\t\t\t<div class=\"elementor-widget-container\">\n\t\t\t\t\t\t\t\t\t<div class=\"elementor-button-wrapper\">\n\t\t\t\t\t<a class=\"elementor-button elementor-button-link elementor-size-sm\" href=\"https:\/\/culinario.fr\/wp-content\/uploads\/2025\/11\/PROGRAMME-FORMATION-CAP-PSR-1.pdf\">\n\t\t\t\t\t\t<span class=\"elementor-button-content-wrapper\">\n\t\t\t\t\t\t\t\t\t<span class=\"elementor-button-text\">T\u00e9l\u00e9chargez le d\u00e9taille de la formation PSR Production Service Restauration <\/span>\n\t\t\t\t\t<\/span>\n\t\t\t\t\t<\/a>\n\t\t\t\t<\/div>\n\t\t\t\t\t\t\t\t<\/div>\n\t\t\t\t<\/div>\n\t\t\t\t\t<\/div>\n\t\t<\/div>\n\t\t\t\t\t<\/div>\n\t\t<\/section>\n\t\t\t\t<\/div>\n\t\t","protected":false},"excerpt":{"rendered":"<p>Le titulaire du CAP PSR (Production et Service en Restaurations) est form\u00e9 aux activit\u00e9s de cuisine et de service. Cette formation pr\u00e9pare aux m\u00e9tiers de la restauration rapide, collective et de caf\u00e9t\u00e9ria. Elle permet d\u2019exercer en cuisines collectives (cantines scolaires, h\u00f4pitaux, maisons de retraite), en food-truck, ou de cr\u00e9er son propre concept de restauration mobile. [&hellip;]<\/p>\n","protected":false},"author":5,"featured_media":780612,"parent":0,"menu_order":0,"comment_status":"closed","ping_status":"closed","template":"elementor_header_footer","meta":{"footnotes":""},"class_list":["post-780610","page","type-page","status-publish","has-post-thumbnail","hentry"],"yoast_head":"<!-- This site is optimized with the Yoast SEO plugin v27.5 - https:\/\/yoast.com\/product\/yoast-seo-wordpress\/ -->\n<title>CAP Production Service Restauration - Culinario<\/title>\n<meta name=\"robots\" content=\"index, follow, max-snippet:-1, max-image-preview:large, max-video-preview:-1\" \/>\n<link rel=\"canonical\" href=\"https:\/\/culinario.fr\/fr_fr\/cap-production-service-restauration\/\" \/>\n<meta property=\"og:locale\" content=\"fr_FR\" \/>\n<meta property=\"og:type\" content=\"article\" \/>\n<meta property=\"og:title\" content=\"CAP Production Service Restauration - Culinario\" \/>\n<meta property=\"og:description\" content=\"Le titulaire du CAP PSR (Production et Service en Restaurations) est form\u00e9 aux activit\u00e9s de cuisine et de service. Cette formation pr\u00e9pare aux m\u00e9tiers de la restauration rapide, collective et de caf\u00e9t\u00e9ria. Elle permet d\u2019exercer en cuisines collectives (cantines scolaires, h\u00f4pitaux, maisons de retraite), en food-truck, ou de cr\u00e9er son propre concept de restauration mobile. [&hellip;]\" \/>\n<meta property=\"og:url\" content=\"https:\/\/culinario.fr\/fr_fr\/cap-production-service-restauration\/\" \/>\n<meta property=\"og:site_name\" content=\"Culinario\" \/>\n<meta property=\"article:publisher\" content=\"https:\/\/www.facebook.com\/profile.php?id=100083483973609\" \/>\n<meta property=\"article:modified_time\" content=\"2026-02-10T20:50:05+00:00\" \/>\n<meta property=\"og:image\" content=\"https:\/\/culinario.fr\/wp-content\/uploads\/2025\/11\/AdobeStock_275872885-scaled.jpeg\" \/>\n\t<meta property=\"og:image:width\" content=\"2560\" \/>\n\t<meta property=\"og:image:height\" content=\"1706\" \/>\n\t<meta property=\"og:image:type\" content=\"image\/jpeg\" \/>\n<meta name=\"twitter:label1\" content=\"Dur\u00e9e de lecture estim\u00e9e\" \/>\n\t<meta name=\"twitter:data1\" content=\"1 minute\" \/>\n<script type=\"application\/ld+json\" class=\"yoast-schema-graph\">{\"@context\":\"https:\\\/\\\/schema.org\",\"@graph\":[{\"@type\":\"WebPage\",\"@id\":\"https:\\\/\\\/culinario.fr\\\/cap-production-service-restauration\\\/\",\"url\":\"https:\\\/\\\/culinario.fr\\\/cap-production-service-restauration\\\/\",\"name\":\"CAP Production Service Restauration - Culinario\",\"isPartOf\":{\"@id\":\"https:\\\/\\\/culinario.fr\\\/#website\"},\"primaryImageOfPage\":{\"@id\":\"https:\\\/\\\/culinario.fr\\\/cap-production-service-restauration\\\/#primaryimage\"},\"image\":{\"@id\":\"https:\\\/\\\/culinario.fr\\\/cap-production-service-restauration\\\/#primaryimage\"},\"thumbnailUrl\":\"https:\\\/\\\/culinario.fr\\\/wp-content\\\/uploads\\\/2025\\\/11\\\/AdobeStock_275872885-scaled.jpeg\",\"datePublished\":\"2025-11-21T09:11:42+00:00\",\"dateModified\":\"2026-02-10T20:50:05+00:00\",\"inLanguage\":\"fr-FR\",\"potentialAction\":[{\"@type\":\"ReadAction\",\"target\":[\"https:\\\/\\\/culinario.fr\\\/cap-production-service-restauration\\\/\"]}]},{\"@type\":\"ImageObject\",\"inLanguage\":\"fr-FR\",\"@id\":\"https:\\\/\\\/culinario.fr\\\/cap-production-service-restauration\\\/#primaryimage\",\"url\":\"https:\\\/\\\/culinario.fr\\\/wp-content\\\/uploads\\\/2025\\\/11\\\/AdobeStock_275872885-scaled.jpeg\",\"contentUrl\":\"https:\\\/\\\/culinario.fr\\\/wp-content\\\/uploads\\\/2025\\\/11\\\/AdobeStock_275872885-scaled.jpeg\",\"width\":2560,\"height\":1706},{\"@type\":\"WebSite\",\"@id\":\"https:\\\/\\\/culinario.fr\\\/#website\",\"url\":\"https:\\\/\\\/culinario.fr\\\/\",\"name\":\"Culinario\",\"description\":\"Centre de formation pr\u00e8s de Perpignan\",\"publisher\":{\"@id\":\"https:\\\/\\\/culinario.fr\\\/#organization\"},\"potentialAction\":[{\"@type\":\"SearchAction\",\"target\":{\"@type\":\"EntryPoint\",\"urlTemplate\":\"https:\\\/\\\/culinario.fr\\\/?s={search_term_string}\"},\"query-input\":{\"@type\":\"PropertyValueSpecification\",\"valueRequired\":true,\"valueName\":\"search_term_string\"}}],\"inLanguage\":\"fr-FR\"},{\"@type\":\"Organization\",\"@id\":\"https:\\\/\\\/culinario.fr\\\/#organization\",\"name\":\"Culinario\",\"url\":\"https:\\\/\\\/culinario.fr\\\/\",\"logo\":{\"@type\":\"ImageObject\",\"inLanguage\":\"fr-FR\",\"@id\":\"https:\\\/\\\/culinario.fr\\\/#\\\/schema\\\/logo\\\/image\\\/\",\"url\":\"https:\\\/\\\/culinario.fr\\\/wp-content\\\/uploads\\\/2014\\\/09\\\/Sans-titre-6.png\",\"contentUrl\":\"https:\\\/\\\/culinario.fr\\\/wp-content\\\/uploads\\\/2014\\\/09\\\/Sans-titre-6.png\",\"width\":250,\"height\":250,\"caption\":\"Culinario\"},\"image\":{\"@id\":\"https:\\\/\\\/culinario.fr\\\/#\\\/schema\\\/logo\\\/image\\\/\"},\"sameAs\":[\"https:\\\/\\\/www.facebook.com\\\/profile.php?id=100083483973609\",\"https:\\\/\\\/www.linkedin.com\\\/company\\\/culinario66\\\/\",\"https:\\\/\\\/www.youtube.com\\\/channel\\\/UCgfE2kjMvlFzrXqaKYGuxzQ\"]}]}<\/script>\n<!-- \/ Yoast SEO plugin. -->","yoast_head_json":{"title":"CAP Production Service Restauration - Culinario","robots":{"index":"index","follow":"follow","max-snippet":"max-snippet:-1","max-image-preview":"max-image-preview:large","max-video-preview":"max-video-preview:-1"},"canonical":"https:\/\/culinario.fr\/fr_fr\/cap-production-service-restauration\/","og_locale":"fr_FR","og_type":"article","og_title":"CAP Production Service Restauration - Culinario","og_description":"Le titulaire du CAP PSR (Production et Service en Restaurations) est form\u00e9 aux activit\u00e9s de cuisine et de service. Cette formation pr\u00e9pare aux m\u00e9tiers de la restauration rapide, collective et de caf\u00e9t\u00e9ria. Elle permet d\u2019exercer en cuisines collectives (cantines scolaires, h\u00f4pitaux, maisons de retraite), en food-truck, ou de cr\u00e9er son propre concept de restauration mobile. [&hellip;]","og_url":"https:\/\/culinario.fr\/fr_fr\/cap-production-service-restauration\/","og_site_name":"Culinario","article_publisher":"https:\/\/www.facebook.com\/profile.php?id=100083483973609","article_modified_time":"2026-02-10T20:50:05+00:00","og_image":[{"width":2560,"height":1706,"url":"https:\/\/culinario.fr\/wp-content\/uploads\/2025\/11\/AdobeStock_275872885-scaled.jpeg","type":"image\/jpeg"}],"twitter_misc":{"Dur\u00e9e de lecture estim\u00e9e":"1 minute"},"schema":{"@context":"https:\/\/schema.org","@graph":[{"@type":"WebPage","@id":"https:\/\/culinario.fr\/cap-production-service-restauration\/","url":"https:\/\/culinario.fr\/cap-production-service-restauration\/","name":"CAP Production Service Restauration - Culinario","isPartOf":{"@id":"https:\/\/culinario.fr\/#website"},"primaryImageOfPage":{"@id":"https:\/\/culinario.fr\/cap-production-service-restauration\/#primaryimage"},"image":{"@id":"https:\/\/culinario.fr\/cap-production-service-restauration\/#primaryimage"},"thumbnailUrl":"https:\/\/culinario.fr\/wp-content\/uploads\/2025\/11\/AdobeStock_275872885-scaled.jpeg","datePublished":"2025-11-21T09:11:42+00:00","dateModified":"2026-02-10T20:50:05+00:00","inLanguage":"fr-FR","potentialAction":[{"@type":"ReadAction","target":["https:\/\/culinario.fr\/cap-production-service-restauration\/"]}]},{"@type":"ImageObject","inLanguage":"fr-FR","@id":"https:\/\/culinario.fr\/cap-production-service-restauration\/#primaryimage","url":"https:\/\/culinario.fr\/wp-content\/uploads\/2025\/11\/AdobeStock_275872885-scaled.jpeg","contentUrl":"https:\/\/culinario.fr\/wp-content\/uploads\/2025\/11\/AdobeStock_275872885-scaled.jpeg","width":2560,"height":1706},{"@type":"WebSite","@id":"https:\/\/culinario.fr\/#website","url":"https:\/\/culinario.fr\/","name":"Culinario","description":"Centre de formation pr\u00e8s de Perpignan","publisher":{"@id":"https:\/\/culinario.fr\/#organization"},"potentialAction":[{"@type":"SearchAction","target":{"@type":"EntryPoint","urlTemplate":"https:\/\/culinario.fr\/?s={search_term_string}"},"query-input":{"@type":"PropertyValueSpecification","valueRequired":true,"valueName":"search_term_string"}}],"inLanguage":"fr-FR"},{"@type":"Organization","@id":"https:\/\/culinario.fr\/#organization","name":"Culinario","url":"https:\/\/culinario.fr\/","logo":{"@type":"ImageObject","inLanguage":"fr-FR","@id":"https:\/\/culinario.fr\/#\/schema\/logo\/image\/","url":"https:\/\/culinario.fr\/wp-content\/uploads\/2014\/09\/Sans-titre-6.png","contentUrl":"https:\/\/culinario.fr\/wp-content\/uploads\/2014\/09\/Sans-titre-6.png","width":250,"height":250,"caption":"Culinario"},"image":{"@id":"https:\/\/culinario.fr\/#\/schema\/logo\/image\/"},"sameAs":["https:\/\/www.facebook.com\/profile.php?id=100083483973609","https:\/\/www.linkedin.com\/company\/culinario66\/","https:\/\/www.youtube.com\/channel\/UCgfE2kjMvlFzrXqaKYGuxzQ"]}]}},"_links":{"self":[{"href":"https:\/\/culinario.fr\/fr_fr\/wp-json\/wp\/v2\/pages\/780610","targetHints":{"allow":["GET"]}}],"collection":[{"href":"https:\/\/culinario.fr\/fr_fr\/wp-json\/wp\/v2\/pages"}],"about":[{"href":"https:\/\/culinario.fr\/fr_fr\/wp-json\/wp\/v2\/types\/page"}],"author":[{"embeddable":true,"href":"https:\/\/culinario.fr\/fr_fr\/wp-json\/wp\/v2\/users\/5"}],"replies":[{"embeddable":true,"href":"https:\/\/culinario.fr\/fr_fr\/wp-json\/wp\/v2\/comments?post=780610"}],"version-history":[{"count":40,"href":"https:\/\/culinario.fr\/fr_fr\/wp-json\/wp\/v2\/pages\/780610\/revisions"}],"predecessor-version":[{"id":781132,"href":"https:\/\/culinario.fr\/fr_fr\/wp-json\/wp\/v2\/pages\/780610\/revisions\/781132"}],"wp:featuredmedia":[{"embeddable":true,"href":"https:\/\/culinario.fr\/fr_fr\/wp-json\/wp\/v2\/media\/780612"}],"wp:attachment":[{"href":"https:\/\/culinario.fr\/fr_fr\/wp-json\/wp\/v2\/media?parent=780610"}],"curies":[{"name":"wp","href":"https:\/\/api.w.org\/{rel}","templated":true}]}}